{"id":1775,"date":"2018-03-18T10:42:09","date_gmt":"2018-03-18T09:42:09","guid":{"rendered":"https:\/\/www.tenutavaldelmelo.com\/wohnungen\/"},"modified":"2023-07-28T08:37:17","modified_gmt":"2023-07-28T06:37:17","slug":"wohnungen","status":"publish","type":"page","link":"https:\/\/www.tenutavaldelmelo.com\/de\/wohnungen\/","title":{"rendered":"WOHNUNGEN"},"content":{"rendered":"<div class=\"wpb-content-wrapper\">[mk_page_section layout_structure=&#8220;half_right&#8220; bg_image=&#8220;https:\/\/www.tenutavaldelmelo.com\/wp-content\/uploads\/2017\/02\/agriturismo_d75_6080_960x960.jpg&#8220; bg_image_portrait=&#8220;https:\/\/www.tenutavaldelmelo.com\/wp-content\/uploads\/2017\/02\/agriturismo_d75_6083_640x960.jpg&#8220; bg_color=&#8220;#465d50&#8243; bg_stretch=&#8220;true&#8220; min_height=&#8220;600&#8243; padding_top=&#8220;20&#8243; padding_bottom=&#8220;20&#8243;][vc_column][mk_padding_divider size=&#8220;50&#8243;][mk_image src=&#8220;https:\/\/www.tenutavaldelmelo.com\/wp-content\/uploads\/2017\/02\/animalix-06.png&#8220; image_size=&#8220;full&#8220; align=&#8220;center&#8220; margin_bottom=&#8220;30&#8243;][mk_fancy_title tag_name=&#8220;h3&#8243; color=&#8220;#ffffff&#8220; size=&#8220;34&#8243; force_font_size=&#8220;true&#8220; size_phone=&#8220;20&#8243; font_weight=&#8220;900&#8243; txt_transform=&#8220;uppercase&#8220; letter_spacing=&#8220;4&#8243; margin_bottom=&#8220;30&#8243; font_family=&#8220;Raleway&#8220; font_type=&#8220;google&#8220; align=&#8220;center&#8220;]EIN ZU HAUSE MIT L\u00dcFTUNG IM HEISSEN SOMMER[\/mk_fancy_title][vc_row_inner][vc_column_inner width=&#8220;1\/6&#8243;][\/vc_column_inner][vc_column_inner width=&#8220;2\/3&#8243;][vc_column_text disable_pattern=&#8220;false&#8220; margin_bottom=&#8220;20&#8243;]<span style=\"color: #ffffff;\">Von dem Bauernhaus aus, welches zwischen Kiefern, die den Garten der Heilpflanzen umgeben gelegen ist, k\u00f6nnen Sie das Meer sehen und Sie k\u00f6nnen in der Brise entspannen, die sich am Nachmittag durch die kultivierten Felder der Ebene erhebt.<\/span>[\/vc_column_text][mk_padding_divider size=&#8220;30&#8243;][mk_image src=&#8220;http:\/\/demos.artbees.net\/jupiter5\/tiwaz\/wp-content\/uploads\/sites\/123\/2016\/07\/houses-bg-03.png&#8220; image_size=&#8220;full&#8220; align=&#8220;center&#8220; margin_bottom=&#8220;0&#8243;][\/vc_column_inner][vc_column_inner width=&#8220;1\/6&#8243;][\/vc_column_inner][\/vc_row_inner][\/vc_column][\/mk_page_section][mk_page_section bg_stretch=&#8220;true&#8220; padding_top=&#8220;20&#8243; padding_bottom=&#8220;0&#8243; sidebar=&#8220;sidebar-1&#8243;][vc_column][mk_padding_divider size=&#8220;50&#8243;][vc_row_inner][vc_column_inner width=&#8220;1\/6&#8243;][\/vc_column_inner][vc_column_inner width=&#8220;2\/3&#8243;][vc_column_text disable_pattern=&#8220;false&#8220;]Umgeben von sanften H\u00fcgeln und mit einem herrlichen Blick auf Pian di Rocca empf\u00e4ngt Sie das <strong>Tenuta Valdelmelo Farmhouse<\/strong> mit seinen komfortablen, rustikalen Unterk\u00fcnften, die mit allem modernen Komfort ausgestattet sind. Der Blumengarten beherbergt einen gro\u00dfen <strong>Grillplatz<\/strong> mit Holz und einem <strong>gro\u00dfen Pavillon<\/strong> f\u00fcr Mittag- und Abendessen im Freien.[\/vc_column_text][mk_padding_divider size=&#8220;30&#8243;][mk_image src=&#8220;http:\/\/demos.artbees.net\/jupiter5\/tiwaz\/wp-content\/uploads\/sites\/123\/2016\/07\/houses-bg-03.png&#8220; image_size=&#8220;full&#8220; align=&#8220;center&#8220; margin_bottom=&#8220;0&#8243;][\/vc_column_inner][vc_column_inner width=&#8220;1\/6&#8243;][\/vc_column_inner][\/vc_row_inner][vc_row_inner][vc_column_inner][mk_padding_divider size=&#8220;50&#8243;][mk_image src=&#8220;https:\/\/www.tenutavaldelmelo.com\/wp-content\/uploads\/2017\/02\/animalix-09.png&#8220; image_size=&#8220;full&#8220; align=&#8220;center&#8220; margin_bottom=&#8220;30&#8243;][mk_fancy_title tag_name=&#8220;h1&#8243; color=&#8220;#465d50&#8243; size=&#8220;34&#8243; force_font_size=&#8220;true&#8220; size_phone=&#8220;20&#8243; font_weight=&#8220;900&#8243; txt_transform=&#8220;uppercase&#8220; letter_spacing=&#8220;4&#8243; margin_bottom=&#8220;0&#8243; font_family=&#8220;Raleway&#8220; font_type=&#8220;google&#8220; align=&#8220;center&#8220;]DIE WOHNUNGEN[\/mk_fancy_title][\/vc_column_inner][\/vc_row_inner][\/vc_column][\/mk_page_section][vc_row fullwidth=&#8220;true&#8220; attached=&#8220;true&#8220;][vc_column width=&#8220;1\/3&#8243;][mk_image src=&#8220;https:\/\/www.tenutavaldelmelo.com\/wp-content\/uploads\/2017\/03\/delfino-blu.jpg&#8220; image_size=&#8220;full&#8220; link=&#8220;\/de\/blaues-stein\/&#8220; align=&#8220;center&#8220; margin_bottom=&#8220;0&#8243;][mk_custom_box padding_vertical=&#8220;40&#8243; padding_horizental=&#8220;50&#8243; margin_bottom=&#8220;0&#8243; background_hov_color_style=&#8220;image&#8220; bg_stretch=&#8220;false&#8220;][mk_fancy_title tag_name=&#8220;h4&#8243; color=&#8220;#e3530d&#8220; size=&#8220;24&#8243; force_font_size=&#8220;true&#8220; size_smallscreen=&#8220;15&#8243; size_tablet=&#8220;15&#8243; size_phone=&#8220;15&#8243; font_weight=&#8220;bold&#8220; txt_transform=&#8220;uppercase&#8220; margin_bottom=&#8220;0&#8243; font_family=&#8220;Raleway&#8220; font_type=&#8220;google&#8220;]<span style=\"color: #e3530c;\"><p>da \u20ac60<\/p> \/<\/span> <span style=\"color: #5d3e2a;\">NACHT<\/span>[\/mk_fancy_title][mk_fancy_title tag_name=&#8220;h1&#8243; color=&#8220;#e3530d&#8220; size=&#8220;24&#8243; force_font_size=&#8220;true&#8220; size_tablet=&#8220;15&#8243; size_phone=&#8220;20&#8243; font_weight=&#8220;bold&#8220; txt_transform=&#8220;uppercase&#8220; margin_bottom=&#8220;0&#8243; font_family=&#8220;Raleway&#8220; font_type=&#8220;google&#8220;]<span style=\"color: #5d3e2a;\"><strong>BLAUES STEIN<\/strong><\/span>[\/mk_fancy_title][vc_column_text margin_bottom=&#8220;10&#8243;]<strong><span style=\"color: #5d3e2a;\">KLEINES INDIGOBLAUES NEST VON DEM AUS DAS LICHT DER MAREMME GENOSSEN WERDEN KANN<\/span><\/strong>[\/vc_column_text][vc_column_text margin_bottom=&#8220;10&#8243;]Helles und ger\u00e4umiges Studio mit privatem Garten, Badezimmer mit Dusche und offener K\u00fcche. Die Wohnung, etwa 35 Quadratmeter gro\u00df, bietet bequem Platz f\u00fcr zwei Personen undist mit einem teilbaren Holz -Doppelbett, Klimaanlage-Luftentfeuchter, Heizung (Daikin) und TV. Es ist m\u00f6glich, ein Kinderbett f\u00fcr Kinder hinzuzuf\u00fcgen.[\/vc_column_text][mk_button dimension=&#8220;outline&#8220; corner_style=&#8220;rounded&#8220; size=&#8220;large&#8220; url=&#8220;\/de\/blaues-stein\/&#8220; fullwidth=&#8220;true&#8220; margin_bottom=&#8220;0&#8243; margin_right=&#8220;0&#8243; outline_skin=&#8220;custom&#8220; outline_active_text_color=&#8220;#b9b9b9&#8243; outline_hover_color=&#8220;#e3530d&#8220;]IM DETAIL[\/mk_button][\/mk_custom_box][\/vc_column][vc_column width=&#8220;1\/3&#8243;][mk_image src=&#8220;https:\/\/www.tenutavaldelmelo.com\/wp-content\/uploads\/2017\/01\/casa-gialla.jpg&#8220; image_size=&#8220;full&#8220; link=&#8220;\/de\/gelber-stein\/&#8220; align=&#8220;center&#8220; margin_bottom=&#8220;0&#8243;][mk_custom_box padding_vertical=&#8220;40&#8243; padding_horizental=&#8220;50&#8243; margin_bottom=&#8220;0&#8243; background_hov_color_style=&#8220;image&#8220; bg_stretch=&#8220;false&#8220;][mk_fancy_title tag_name=&#8220;h4&#8243; color=&#8220;#e3530d&#8220; size=&#8220;24&#8243; force_font_size=&#8220;true&#8220; size_smallscreen=&#8220;15&#8243; size_tablet=&#8220;15&#8243; size_phone=&#8220;15&#8243; font_weight=&#8220;bold&#8220; txt_transform=&#8220;uppercase&#8220; margin_bottom=&#8220;0&#8243; font_family=&#8220;Raleway&#8220; font_type=&#8220;google&#8220;]<span style=\"color: #e3530c;\"><p>da \u20ac80<\/p> \/<\/span> <span style=\"color: #5d3e2a;\">NACHT<\/span>[\/mk_fancy_title][mk_fancy_title tag_name=&#8220;h4&#8243; color=&#8220;#e3530d&#8220; size=&#8220;24&#8243; force_font_size=&#8220;true&#8220; size_tablet=&#8220;15&#8243; size_phone=&#8220;20&#8243; font_weight=&#8220;bold&#8220; txt_transform=&#8220;uppercase&#8220; margin_bottom=&#8220;0&#8243; font_family=&#8220;Raleway&#8220; font_type=&#8220;google&#8220;]GELBER STEIN[\/mk_fancy_title][vc_column_text margin_bottom=&#8220;10&#8243;]<strong><span style=\"color: #5d3e2a;\">PINSELSTRICHE IN OCKER UND UMBRA IN EINER GEM\u00fcTLICHEN WOHNUNG<\/span><\/strong>[\/vc_column_text][vc_column_text margin_bottom=&#8220;10&#8243;]Ger\u00e4umige Wohnung, mit einer Fl\u00e4che von ca. 55 qm, in Gelbt\u00f6nen, mit vier Betten, Garten, separates Bad und Dusche. Dieses Doppelzimmer verf\u00fcgt \u00fcber ein Kingsize-Himmelbett und ein Moskitonetz. Im Wohnbereich: K\u00fcche und bequemes Doppelschlafsofa, das sorgf\u00e4ltig ausgew\u00e4hlt wurde, damit es wie ein normales Bett benutzt werden kann. Die Wohnung ist mit Klimaanlage-Entfeuchter und Heizung (Daikin) und TV. Es ist m\u00f6glich, ein Kinderbett f\u00fcr Kinder hinzuzuf\u00fcgen.[\/vc_column_text][mk_button dimension=&#8220;outline&#8220; corner_style=&#8220;rounded&#8220; size=&#8220;large&#8220; url=&#8220;\/de\/gelber-stein\/&#8220; fullwidth=&#8220;true&#8220; margin_bottom=&#8220;0&#8243; margin_right=&#8220;0&#8243; outline_skin=&#8220;custom&#8220; outline_active_text_color=&#8220;#b9b9b9&#8243; outline_hover_color=&#8220;#e3530d&#8220;]IM DETAIL[\/mk_button][\/mk_custom_box][\/vc_column][vc_column width=&#8220;1\/3&#8243;][mk_image src=&#8220;https:\/\/www.tenutavaldelmelo.com\/wp-content\/uploads\/2017\/01\/testa-verde.jpg&#8220; image_size=&#8220;full&#8220; link=&#8220;\/de\/gruner-stein\/&#8220; align=&#8220;center&#8220; margin_bottom=&#8220;0&#8243;][mk_custom_box padding_vertical=&#8220;40&#8243; padding_horizental=&#8220;50&#8243; margin_bottom=&#8220;0&#8243; background_hov_color_style=&#8220;image&#8220; bg_stretch=&#8220;false&#8220;][mk_fancy_title tag_name=&#8220;h4&#8243; color=&#8220;#e3530d&#8220; size=&#8220;24&#8243; force_font_size=&#8220;true&#8220; size_smallscreen=&#8220;15&#8243; size_tablet=&#8220;15&#8243; size_phone=&#8220;15&#8243; font_weight=&#8220;bold&#8220; txt_transform=&#8220;uppercase&#8220; margin_bottom=&#8220;0&#8243; font_family=&#8220;Raleway&#8220; font_type=&#8220;google&#8220;]<span style=\"color: #e3530c;\"><p>da \u20ac80<\/p> \/<\/span> <span style=\"color: #5d3e2a;\">NACHT<\/span>[\/mk_fancy_title][mk_fancy_title tag_name=&#8220;h4&#8243; color=&#8220;#e3530d&#8220; size=&#8220;24&#8243; force_font_size=&#8220;true&#8220; size_tablet=&#8220;15&#8243; size_phone=&#8220;20&#8243; font_weight=&#8220;bold&#8220; txt_transform=&#8220;uppercase&#8220; margin_bottom=&#8220;0&#8243; font_family=&#8220;Raleway&#8220; font_type=&#8220;google&#8220;]Gr\u00fcner Stein[\/mk_fancy_title][vc_column_text margin_bottom=&#8220;10&#8243;]<strong><span style=\"color: #5d3e2a;\">Alte Spuren von Drachen im dursichtigen Meer<\/span><\/strong>[\/vc_column_text][vc_column_text margin_bottom=&#8220;10&#8243;]Ger\u00e4umige Wohnung, mit einer Fl\u00e4che von ca. 55 qm, in Gr\u00fcnt\u00f6nen eingerichtet, mit vier Betten, privatem Garten, separatem Bad und Dusche. Dieses Doppelzimmer verf\u00fcgt \u00fcber ein Kingsize-Himmelbett und ein Moskitonetz. Im Wohnbereich: eine voll ausgestattete K\u00fcche und ein bequemes Doppelschlafsofa, das so ausgew\u00e4hlt wurde, dass es wie ein normales Bett benutzt werden kann. Die Wohnung ist mit Klimaanlage-Entfeuchter und Heizung (Daikin) und TV. Es ist m\u00f6glich, ein Kinderbett f\u00fcr Kinder hinzuzuf\u00fcgen.[\/vc_column_text][mk_button dimension=&#8220;outline&#8220; corner_style=&#8220;rounded&#8220; size=&#8220;large&#8220; url=&#8220;\/de\/gruner-stein\/&#8220; fullwidth=&#8220;true&#8220; margin_bottom=&#8220;0&#8243; margin_right=&#8220;0&#8243; outline_skin=&#8220;custom&#8220; outline_active_text_color=&#8220;#b9b9b9&#8243; outline_hover_color=&#8220;#e3530d&#8220;]IM DETAIL[\/mk_button][\/mk_custom_box][\/vc_column][\/vc_row]\n<\/div>","protected":false},"excerpt":{"rendered":"<p>[mk_page_section layout_structure=&#8220;half_right&#8220; bg_image=&#8220;https:\/\/www.tenutavaldelmelo.com\/wp-content\/uploads\/2017\/02\/agriturismo_d75_6080_960x960.jpg&#8220; bg_image_portrait=&#8220;https:\/\/www.tenutavaldelmelo.com\/wp-content\/uploads\/2017\/02\/agriturismo_d75_6083_640x960.jpg&#8220; bg_color=&#8220;#465d50&#8243; bg_stretch=&#8220;true&#8220; min_height=&#8220;600&#8243; padding_top=&#8220;20&#8243; padding_bottom=&#8220;20&#8243;][vc_column][mk_padding_divider size=&#8220;50&#8243;][mk_image src=&#8220;https:\/\/www.tenutavaldelmelo.com\/wp-content\/uploads\/2017\/02\/animalix-06.png&#8220; image_size=&#8220;full&#8220; align=&#8220;center&#8220; margin_bottom=&#8220;30&#8243;][mk_fancy_title tag_name=&#8220;h3&#8243; color=&#8220;#ffffff&#8220; size=&#8220;34&#8243; force_font_size=&#8220;true&#8220; size_phone=&#8220;20&#8243; font_weight=&#8220;900&#8243; txt_transform=&#8220;uppercase&#8220; letter_spacing=&#8220;4&#8243; margin_bottom=&#8220;30&#8243; font_family=&#8220;Raleway&#8220; font_type=&#8220;google&#8220; align=&#8220;center&#8220;]EIN ZU HAUSE MIT L\u00dcFTUNG IM HEISSEN SOMMER[\/mk_fancy_title][vc_row_inner][vc_column_inner width=&#8220;1\/6&#8243;][\/vc_column_inner][vc_column_inner width=&#8220;2\/3&#8243;][vc_column_text disable_pattern=&#8220;false&#8220; margin_bottom=&#8220;20&#8243;]Von dem Bauernhaus aus, welches zwischen Kiefern, die den Garten der Heilpflanzen umgeben gelegen ist, k\u00f6nnen Sie das Meer [&hellip;]<\/p>\n","protected":false},"author":1,"featured_media":0,"parent":0,"menu_order":0,"comment_status":"closed","ping_status":"closed","template":"","meta":{"footnotes":""},"yoast_head":"<!-- This site is optimized with the Yoast SEO plugin v21.6 - https:\/\/yoast.com\/wordpress\/plugins\/seo\/ -->\n<title>WOHNUNGEN - Agriturismo Tenuta Valdelmelo<\/title>\n<meta name=\"robots\" content=\"index, follow, max-snippet:-1, max-image-preview:large, max-video-preview:-1\" \/>\n<link rel=\"canonical\" href=\"https:\/\/www.tenutavaldelmelo.com\/de\/wohnungen\/\" \/>\n<meta property=\"og:locale\" content=\"de_DE\" \/>\n<meta property=\"og:type\" content=\"article\" \/>\n<meta property=\"og:title\" content=\"WOHNUNGEN - Agriturismo Tenuta Valdelmelo\" \/>\n<meta property=\"og:description\" content=\"[mk_page_section layout_structure=&#8220;half_right&#8220; bg_image=&#8220;https:\/\/www.tenutavaldelmelo.com\/wp-content\/uploads\/2017\/02\/agriturismo_d75_6080_960x960.jpg&#8220; bg_image_portrait=&#8220;https:\/\/www.tenutavaldelmelo.com\/wp-content\/uploads\/2017\/02\/agriturismo_d75_6083_640x960.jpg&#8220; bg_color=&#8220;#465d50&#8243; bg_stretch=&#8220;true&#8220; min_height=&#8220;600&#8243; padding_top=&#8220;20&#8243; padding_bottom=&#8220;20&#8243;][vc_column][mk_padding_divider size=&#8220;50&#8243;][mk_image src=&#8220;https:\/\/www.tenutavaldelmelo.com\/wp-content\/uploads\/2017\/02\/animalix-06.png&#8220; image_size=&#8220;full&#8220; align=&#8220;center&#8220; margin_bottom=&#8220;30&#8243;][mk_fancy_title tag_name=&#8220;h3&#8243; color=&#8220;#ffffff&#8220; size=&#8220;34&#8243; force_font_size=&#8220;true&#8220; size_phone=&#8220;20&#8243; font_weight=&#8220;900&#8243; txt_transform=&#8220;uppercase&#8220; letter_spacing=&#8220;4&#8243; margin_bottom=&#8220;30&#8243; font_family=&#8220;Raleway&#8220; font_type=&#8220;google&#8220; align=&#8220;center&#8220;]EIN ZU HAUSE MIT L\u00dcFTUNG IM HEISSEN SOMMER[\/mk_fancy_title][vc_row_inner][vc_column_inner width=&#8220;1\/6&#8243;][\/vc_column_inner][vc_column_inner width=&#8220;2\/3&#8243;][vc_column_text disable_pattern=&#8220;false&#8220; margin_bottom=&#8220;20&#8243;]Von dem Bauernhaus aus, welches zwischen Kiefern, die den Garten der Heilpflanzen umgeben gelegen ist, k\u00f6nnen Sie das Meer [&hellip;]\" \/>\n<meta property=\"og:url\" content=\"https:\/\/www.tenutavaldelmelo.com\/de\/wohnungen\/\" \/>\n<meta property=\"og:site_name\" content=\"Agriturismo Tenuta Valdelmelo\" \/>\n<meta property=\"article:publisher\" content=\"https:\/\/www.facebook.com\/tenutavaldelmelo\/?fref=ts\" \/>\n<meta property=\"article:modified_time\" content=\"2023-07-28T06:37:17+00:00\" \/>\n<meta name=\"twitter:card\" content=\"summary_large_image\" \/>\n<meta name=\"twitter:label1\" content=\"Gesch\u00e4tzte Lesezeit\" \/>\n\t<meta name=\"twitter:data1\" content=\"6 Minuten\" \/>\n<script type=\"application\/ld+json\" class=\"yoast-schema-graph\">{\"@context\":\"https:\/\/schema.org\",\"@graph\":[{\"@type\":\"WebPage\",\"@id\":\"https:\/\/www.tenutavaldelmelo.com\/de\/wohnungen\/\",\"url\":\"https:\/\/www.tenutavaldelmelo.com\/de\/wohnungen\/\",\"name\":\"WOHNUNGEN - Agriturismo Tenuta Valdelmelo\",\"isPartOf\":{\"@id\":\"https:\/\/www.tenutavaldelmelo.com\/#website\"},\"datePublished\":\"2018-03-18T09:42:09+00:00\",\"dateModified\":\"2023-07-28T06:37:17+00:00\",\"breadcrumb\":{\"@id\":\"https:\/\/www.tenutavaldelmelo.com\/de\/wohnungen\/#breadcrumb\"},\"inLanguage\":\"de-DE\",\"potentialAction\":[{\"@type\":\"ReadAction\",\"target\":[\"https:\/\/www.tenutavaldelmelo.com\/de\/wohnungen\/\"]}]},{\"@type\":\"BreadcrumbList\",\"@id\":\"https:\/\/www.tenutavaldelmelo.com\/de\/wohnungen\/#breadcrumb\",\"itemListElement\":[{\"@type\":\"ListItem\",\"position\":1,\"name\":\"Home\",\"item\":\"https:\/\/www.tenutavaldelmelo.com\/de\/\"},{\"@type\":\"ListItem\",\"position\":2,\"name\":\"WOHNUNGEN\"}]},{\"@type\":\"WebSite\",\"@id\":\"https:\/\/www.tenutavaldelmelo.com\/#website\",\"url\":\"https:\/\/www.tenutavaldelmelo.com\/\",\"name\":\"Agriturismo Tenuta Valdelmelo\",\"description\":\"\",\"publisher\":{\"@id\":\"https:\/\/www.tenutavaldelmelo.com\/#organization\"},\"potentialAction\":[{\"@type\":\"SearchAction\",\"target\":{\"@type\":\"EntryPoint\",\"urlTemplate\":\"https:\/\/www.tenutavaldelmelo.com\/?s={search_term_string}\"},\"query-input\":\"required name=search_term_string\"}],\"inLanguage\":\"de-DE\"},{\"@type\":\"Organization\",\"@id\":\"https:\/\/www.tenutavaldelmelo.com\/#organization\",\"name\":\"Agriturismo Tenuta Valdelmelo\",\"url\":\"https:\/\/www.tenutavaldelmelo.com\/\",\"logo\":{\"@type\":\"ImageObject\",\"inLanguage\":\"de-DE\",\"@id\":\"https:\/\/www.tenutavaldelmelo.com\/#\/schema\/logo\/image\/\",\"url\":\"https:\/\/www.tenutavaldelmelo.com\/wp-content\/uploads\/2017\/02\/logo_a_valdelmelo_600x179.jpg\",\"contentUrl\":\"https:\/\/www.tenutavaldelmelo.com\/wp-content\/uploads\/2017\/02\/logo_a_valdelmelo_600x179.jpg\",\"width\":600,\"height\":179,\"caption\":\"Agriturismo Tenuta Valdelmelo\"},\"image\":{\"@id\":\"https:\/\/www.tenutavaldelmelo.com\/#\/schema\/logo\/image\/\"},\"sameAs\":[\"https:\/\/www.facebook.com\/tenutavaldelmelo\/?fref=ts\"]}]}<\/script>\n<!-- \/ Yoast SEO plugin. -->","yoast_head_json":{"title":"WOHNUNGEN - Agriturismo Tenuta Valdelmelo","robots":{"index":"index","follow":"follow","max-snippet":"max-snippet:-1","max-image-preview":"max-image-preview:large","max-video-preview":"max-video-preview:-1"},"canonical":"https:\/\/www.tenutavaldelmelo.com\/de\/wohnungen\/","og_locale":"de_DE","og_type":"article","og_title":"WOHNUNGEN - Agriturismo Tenuta Valdelmelo","og_description":"[mk_page_section layout_structure=&#8220;half_right&#8220; bg_image=&#8220;https:\/\/www.tenutavaldelmelo.com\/wp-content\/uploads\/2017\/02\/agriturismo_d75_6080_960x960.jpg&#8220; bg_image_portrait=&#8220;https:\/\/www.tenutavaldelmelo.com\/wp-content\/uploads\/2017\/02\/agriturismo_d75_6083_640x960.jpg&#8220; bg_color=&#8220;#465d50&#8243; bg_stretch=&#8220;true&#8220; min_height=&#8220;600&#8243; padding_top=&#8220;20&#8243; padding_bottom=&#8220;20&#8243;][vc_column][mk_padding_divider size=&#8220;50&#8243;][mk_image src=&#8220;https:\/\/www.tenutavaldelmelo.com\/wp-content\/uploads\/2017\/02\/animalix-06.png&#8220; image_size=&#8220;full&#8220; align=&#8220;center&#8220; margin_bottom=&#8220;30&#8243;][mk_fancy_title tag_name=&#8220;h3&#8243; color=&#8220;#ffffff&#8220; size=&#8220;34&#8243; force_font_size=&#8220;true&#8220; size_phone=&#8220;20&#8243; font_weight=&#8220;900&#8243; txt_transform=&#8220;uppercase&#8220; letter_spacing=&#8220;4&#8243; margin_bottom=&#8220;30&#8243; font_family=&#8220;Raleway&#8220; font_type=&#8220;google&#8220; align=&#8220;center&#8220;]EIN ZU HAUSE MIT L\u00dcFTUNG IM HEISSEN SOMMER[\/mk_fancy_title][vc_row_inner][vc_column_inner width=&#8220;1\/6&#8243;][\/vc_column_inner][vc_column_inner width=&#8220;2\/3&#8243;][vc_column_text disable_pattern=&#8220;false&#8220; margin_bottom=&#8220;20&#8243;]Von dem Bauernhaus aus, welches zwischen Kiefern, die den Garten der Heilpflanzen umgeben gelegen ist, k\u00f6nnen Sie das Meer [&hellip;]","og_url":"https:\/\/www.tenutavaldelmelo.com\/de\/wohnungen\/","og_site_name":"Agriturismo Tenuta Valdelmelo","article_publisher":"https:\/\/www.facebook.com\/tenutavaldelmelo\/?fref=ts","article_modified_time":"2023-07-28T06:37:17+00:00","twitter_card":"summary_large_image","twitter_misc":{"Gesch\u00e4tzte Lesezeit":"6 Minuten"},"schema":{"@context":"https:\/\/schema.org","@graph":[{"@type":"WebPage","@id":"https:\/\/www.tenutavaldelmelo.com\/de\/wohnungen\/","url":"https:\/\/www.tenutavaldelmelo.com\/de\/wohnungen\/","name":"WOHNUNGEN - Agriturismo Tenuta Valdelmelo","isPartOf":{"@id":"https:\/\/www.tenutavaldelmelo.com\/#website"},"datePublished":"2018-03-18T09:42:09+00:00","dateModified":"2023-07-28T06:37:17+00:00","breadcrumb":{"@id":"https:\/\/www.tenutavaldelmelo.com\/de\/wohnungen\/#breadcrumb"},"inLanguage":"de-DE","potentialAction":[{"@type":"ReadAction","target":["https:\/\/www.tenutavaldelmelo.com\/de\/wohnungen\/"]}]},{"@type":"BreadcrumbList","@id":"https:\/\/www.tenutavaldelmelo.com\/de\/wohnungen\/#breadcrumb","itemListElement":[{"@type":"ListItem","position":1,"name":"Home","item":"https:\/\/www.tenutavaldelmelo.com\/de\/"},{"@type":"ListItem","position":2,"name":"WOHNUNGEN"}]},{"@type":"WebSite","@id":"https:\/\/www.tenutavaldelmelo.com\/#website","url":"https:\/\/www.tenutavaldelmelo.com\/","name":"Agriturismo Tenuta Valdelmelo","description":"","publisher":{"@id":"https:\/\/www.tenutavaldelmelo.com\/#organization"},"potentialAction":[{"@type":"SearchAction","target":{"@type":"EntryPoint","urlTemplate":"https:\/\/www.tenutavaldelmelo.com\/?s={search_term_string}"},"query-input":"required name=search_term_string"}],"inLanguage":"de-DE"},{"@type":"Organization","@id":"https:\/\/www.tenutavaldelmelo.com\/#organization","name":"Agriturismo Tenuta Valdelmelo","url":"https:\/\/www.tenutavaldelmelo.com\/","logo":{"@type":"ImageObject","inLanguage":"de-DE","@id":"https:\/\/www.tenutavaldelmelo.com\/#\/schema\/logo\/image\/","url":"https:\/\/www.tenutavaldelmelo.com\/wp-content\/uploads\/2017\/02\/logo_a_valdelmelo_600x179.jpg","contentUrl":"https:\/\/www.tenutavaldelmelo.com\/wp-content\/uploads\/2017\/02\/logo_a_valdelmelo_600x179.jpg","width":600,"height":179,"caption":"Agriturismo Tenuta Valdelmelo"},"image":{"@id":"https:\/\/www.tenutavaldelmelo.com\/#\/schema\/logo\/image\/"},"sameAs":["https:\/\/www.facebook.com\/tenutavaldelmelo\/?fref=ts"]}]}},"_links":{"self":[{"href":"https:\/\/www.tenutavaldelmelo.com\/de\/wp-json\/wp\/v2\/pages\/1775"}],"collection":[{"href":"https:\/\/www.tenutavaldelmelo.com\/de\/wp-json\/wp\/v2\/pages"}],"about":[{"href":"https:\/\/www.tenutavaldelmelo.com\/de\/wp-json\/wp\/v2\/types\/page"}],"author":[{"embeddable":true,"href":"https:\/\/www.tenutavaldelmelo.com\/de\/wp-json\/wp\/v2\/users\/1"}],"replies":[{"embeddable":true,"href":"https:\/\/www.tenutavaldelmelo.com\/de\/wp-json\/wp\/v2\/comments?post=1775"}],"version-history":[{"count":20,"href":"https:\/\/www.tenutavaldelmelo.com\/de\/wp-json\/wp\/v2\/pages\/1775\/revisions"}],"predecessor-version":[{"id":2512,"href":"https:\/\/www.tenutavaldelmelo.com\/de\/wp-json\/wp\/v2\/pages\/1775\/revisions\/2512"}],"wp:attachment":[{"href":"https:\/\/www.tenutavaldelmelo.com\/de\/wp-json\/wp\/v2\/media?parent=1775"}],"curies":[{"name":"wp","href":"https:\/\/api.w.org\/{rel}","templated":true}]}}