{"id":1762,"date":"2018-03-18T08:58:42","date_gmt":"2018-03-18T07:58:42","guid":{"rendered":"https:\/\/www.tenutavaldelmelo.com\/der-agrotourismus-betrieb\/"},"modified":"2023-07-22T09:29:49","modified_gmt":"2023-07-22T07:29:49","slug":"der-agrotourismus-betrieb","status":"publish","type":"page","link":"https:\/\/www.tenutavaldelmelo.com\/de\/der-agrotourismus-betrieb\/","title":{"rendered":"DER AGROTOURISMUS-BETRIEB"},"content":{"rendered":"<div class=\"wpb-content-wrapper\">[vc_row fullwidth=&#8220;true&#8220;][vc_column][mk_image src=&#8220;https:\/\/www.tenutavaldelmelo.com\/wp-content\/uploads\/2016\/07\/azienda-agricola_1600x1000.jpg&#8220; image_size=&#8220;full&#8220; align=&#8220;center&#8220; margin_bottom=&#8220;-50&#8243;][\/vc_column][\/vc_row][mk_page_section bg_position=&#8220;left center&#8220; bg_repeat=&#8220;no-repeat&#8220; bg_stretch=&#8220;true&#8220; video_loop=&#8220;false&#8220; min_height=&#8220;600&#8243; padding_top=&#8220;120&#8243; padding_bottom=&#8220;30&#8243; sidebar=&#8220;sidebar-1&#8243;][vc_column][mk_image src=&#8220;http:\/\/demos.artbees.net\/jupiter5\/tiwaz\/wp-content\/uploads\/sites\/123\/2016\/07\/about-bg-01.png&#8220; image_size=&#8220;full&#8220; align=&#8220;center&#8220; margin_bottom=&#8220;30&#8243;][mk_fancy_title tag_name=&#8220;h1&#8243; color=&#8220;#465d50&#8243; size=&#8220;34&#8243; force_font_size=&#8220;true&#8220; size_phone=&#8220;20&#8243; font_weight=&#8220;900&#8243; txt_transform=&#8220;uppercase&#8220; letter_spacing=&#8220;4&#8243; margin_bottom=&#8220;30&#8243; font_family=&#8220;Raleway&#8220; font_type=&#8220;google&#8220; align=&#8220;center&#8220;]IM HERZEN DER MAREMMA WENIGE SCHRITTE VOM MEER ENTFERNT[\/mk_fancy_title][vc_row_inner][vc_column_inner width=&#8220;1\/6&#8243;][\/vc_column_inner][vc_column_inner width=&#8220;2\/3&#8243;][vc_column_text]Weniger als 2 km vom Strand Rocchette entfernt steigt eine sch\u00f6ne und malerische Stra\u00dfe tr\u00e4ge in Richtung eines typisch toskanischen Maremma-Bauernhauses auf.<\/p>\n<p>L\u2019<strong>Agriturismo Tenuta Valdelmelo<\/strong>, ein herrlicher Balkon auf dem Pian di Rocca, mit Blick auf das Meer und die Berge des Maremma-Parks, die am Horizont gezeichnet sind. Ein bl\u00fchender Garten, von Pinien umgeben, umringt ein k\u00fcrzlich renoviertes Bauernhaus.<\/p>\n<p>Hinter dem Garten l\u00e4dt derTenuta- Park mit seinen jahrhundertealten Steineichen und Korkeichen zu einem Besuch ein.<\/p>\n<p>265 Hektar Kiefernwald und mediterrane Macchia beherbergen zahlreiche wilde Tiere: Wildschweine, Rehe, F\u00fcchse und Hasen, Stachelschweine, Dachse und Schildkr\u00f6ten;die Farben und D\u00fcfte des Mittelmeers berauschen den Besucher!<\/p>\n<p>Von den \u00fcber 18 km wei\u00dfen Stra\u00dfen aus, die sich durch den Agrotourismus-Betrieb schl\u00e4ngeln, k\u00f6nnen Sie einen au\u00dfergew\u00f6hnlichen Panoramablick auf das Vorgebirge von Punta Ala und das gesamte toskanische Archipel genie\u00dfen.<\/p>\n<p>Die Erkundung wird durch unsere E-Bikes erleichtert: pedalunterst\u00fctzte MTBs, die zu sehr vorteilhaften Konditionen gemietet werden k\u00f6nnen.<\/p>\n<p>Au\u00dferdem ist das Anwesen perfekt f\u00fcr <strong>Nordic Walking<\/strong> und <strong>Trail Running<\/strong>.<\/p>\n<p>Die Str\u00e4nde von Punta Ala und Rocchette sind jeweils 15 und 5 Minuten mit dem Auto entfernt. 20 Minuten entfert liegen einige der besten toskanischen Spots zum <strong>Kitesurfen<\/strong>, <strong>Windsurfen<\/strong> und <strong>Stand Up Paddling<\/strong>.[\/vc_column_text][mk_padding_divider size=&#8220;50&#8243;][mk_gallery images=&#8220;539,537,538,1356,540,1355&#8243; column=&#8220;2&#8243; image_size=&#8220;large&#8220; overlay_color=&#8220;#e3530d&#8220; item_spacing=&#8220;5&#8243; margin_bottom=&#8220;0&#8243;][\/vc_column_inner][vc_column_inner width=&#8220;1\/6&#8243;][\/vc_column_inner][\/vc_row_inner][\/vc_column][\/mk_page_section][mk_page_section layout_structure=&#8220;half_right&#8220; bg_image=&#8220;https:\/\/www.tenutavaldelmelo.com\/wp-content\/uploads\/2017\/03\/olio-new.jpg&#8220; bg_color=&#8220;#465d50&#8243; video_loop=&#8220;false&#8220; min_height=&#8220;600&#8243; padding_top=&#8220;0&#8243; padding_bottom=&#8220;0&#8243;][vc_column width=&#8220;1\/6&#8243;][\/vc_column][vc_column width=&#8220;2\/3&#8243;][mk_padding_divider size=&#8220;50&#8243;][mk_image src=&#8220;https:\/\/www.tenutavaldelmelo.com\/wp-content\/uploads\/2017\/02\/olive-13.png&#8220; image_size=&#8220;full&#8220; align=&#8220;center&#8220; margin_bottom=&#8220;30&#8243;][mk_fancy_title color=&#8220;#ffffff&#8220; size=&#8220;34&#8243; force_font_size=&#8220;true&#8220; size_phone=&#8220;20&#8243; font_weight=&#8220;900&#8243; txt_transform=&#8220;uppercase&#8220; letter_spacing=&#8220;4&#8243; margin_bottom=&#8220;30&#8243; font_family=&#8220;Raleway&#8220; font_type=&#8220;google&#8220; align=&#8220;center&#8220;]UNSER \u00d6L[\/mk_fancy_title][vc_column_text]<span style=\"color: #ffffff;\">Unter den Produkten des Agrotourismus-Betriebes ist das native Oliven\u00f6l extra, ein Destillat von Aromen und dem Geschmack unserer Oliven. Unser Agrotourislus-Betrieb liegt im Einfluss-Gebiet von Vetulonia und hier war Oliven\u00f6l schon immer das wichtigste landwirtschaftliche Produkt.<\/span>[\/vc_column_text][\/vc_column][vc_column width=&#8220;1\/6&#8243;][\/vc_column][\/mk_page_section][mk_page_section bg_position=&#8220;left center&#8220; bg_repeat=&#8220;no-repeat&#8220; bg_stretch=&#8220;true&#8220; video_loop=&#8220;false&#8220; min_height=&#8220;600&#8243; padding_top=&#8220;50&#8243; padding_bottom=&#8220;30&#8243; sidebar=&#8220;sidebar-1&#8243;][vc_column][mk_image src=&#8220;https:\/\/www.tenutavaldelmelo.com\/wp-content\/uploads\/2017\/02\/animalix-04.png&#8220; image_size=&#8220;full&#8220; align=&#8220;center&#8220; margin_bottom=&#8220;30&#8243;][mk_fancy_title tag_name=&#8220;h1&#8243; color=&#8220;#465d50&#8243; size=&#8220;34&#8243; force_font_size=&#8220;true&#8220; size_phone=&#8220;20&#8243; font_weight=&#8220;900&#8243; txt_transform=&#8220;uppercase&#8220; letter_spacing=&#8220;4&#8243; margin_bottom=&#8220;30&#8243; font_family=&#8220;Raleway&#8220; font_type=&#8220;google&#8220; align=&#8220;center&#8220;]TOSKANISCHES OLIVEN\u00d6L EXTRA VERGINE[\/mk_fancy_title][vc_row_inner][vc_column_inner width=&#8220;1\/6&#8243;][\/vc_column_inner][vc_column_inner width=&#8220;2\/3&#8243;][vc_column_text]9.000 Olivenb\u00e4ume geben uns ein au\u00dfergew\u00f6hnliches \u00d6l. Der Geschmack ist pr\u00e4zise, wie es dem toskanischen \u00d6l sein soll, aber nach kurzer Zeit schmilzt es im Mund und wird sogar die empfindlichsten Gaumen befriedigen.<\/p>\n<p><img loading=\"lazy\" decoding=\"async\" class=\"alignnone size-full wp-image-129\" src=\"http:\/\/demos.artbees.net\/jupiter5\/tiwaz\/wp-content\/uploads\/sites\/123\/2016\/07\/check.png\" alt=\"check\" width=\"22\" height=\"16\" \/>\u00a0 Es wird ausschlie\u00dflich aus den Oliven unserer Pflanzen gewonnen;<br \/>\n<img loading=\"lazy\" decoding=\"async\" class=\"alignnone size-full wp-image-129\" src=\"http:\/\/demos.artbees.net\/jupiter5\/tiwaz\/wp-content\/uploads\/sites\/123\/2016\/07\/check.png\" alt=\"check\" width=\"22\" height=\"16\" \/>\u00a0 Handverlesen;<br \/>\n<img loading=\"lazy\" decoding=\"async\" class=\"alignnone size-full wp-image-129\" src=\"http:\/\/demos.artbees.net\/jupiter5\/tiwaz\/wp-content\/uploads\/sites\/123\/2016\/07\/check.png\" alt=\"check\" width=\"22\" height=\"16\" \/>\u00a0 Kaltgepresst innerhalb weniger Stunden;<br \/>\n<img loading=\"lazy\" decoding=\"async\" class=\"alignnone size-full wp-image-129\" src=\"http:\/\/demos.artbees.net\/jupiter5\/tiwaz\/wp-content\/uploads\/sites\/123\/2016\/07\/check.png\" alt=\"check\" width=\"22\" height=\"16\" \/>\u00a0 Das erhaltene \u00d6l wird in einer gesch\u00fctzten und kontrollierten Umgebung verpackt;<br \/>\n<img loading=\"lazy\" decoding=\"async\" class=\"alignnone size-full wp-image-129\" src=\"http:\/\/demos.artbees.net\/jupiter5\/tiwaz\/wp-content\/uploads\/sites\/123\/2016\/07\/check.png\" alt=\"check\" width=\"22\" height=\"16\" \/>\u00a0 Es ist I.G.P.-zertifiziert und die gesamte Produktionskette wird verfolgt.<\/p>\n<p>Sie k\u00f6nnen unser Produkt f\u00fcr viele Gerichte verwenden, um sie mit einem delikaten Geschmack zu verbessern.[\/vc_column_text][mk_button dimension=&#8220;outline&#8220; size=&#8220;large&#8220; url=&#8220;https:\/\/www.tenutavaldelmelo.com\/wp-content\/uploads\/2017\/04\/scheda_olio_valdelmelo.pdf&#8220; fullwidth=&#8220;true&#8220;]TECHNISCHES DATENBLATT ALS PDF- DATEI ZUM RUNTERLADEN[\/mk_button][\/vc_column_inner][vc_column_inner width=&#8220;1\/6&#8243;][\/vc_column_inner][\/vc_row_inner][\/vc_column][\/mk_page_section][mk_page_section layout_structure=&#8220;half_right&#8220; bg_image=&#8220;https:\/\/www.tenutavaldelmelo.com\/wp-content\/uploads\/2017\/02\/shutterstock_519023956_1200x800.jpg&#8220; bg_color=&#8220;#465d50&#8243; video_loop=&#8220;false&#8220; min_height=&#8220;600&#8243; padding_top=&#8220;30&#8243; padding_bottom=&#8220;0&#8243;][vc_column width=&#8220;1\/6&#8243;][\/vc_column][vc_column width=&#8220;2\/3&#8243;][mk_padding_divider size=&#8220;50&#8243;][mk_image src=&#8220;https:\/\/www.tenutavaldelmelo.com\/wp-content\/uploads\/2017\/02\/olive-13.png&#8220; image_size=&#8220;full&#8220; align=&#8220;center&#8220; margin_bottom=&#8220;30&#8243;][mk_fancy_title color=&#8220;#ffffff&#8220; size=&#8220;34&#8243; force_font_size=&#8220;true&#8220; size_phone=&#8220;20&#8243; font_weight=&#8220;900&#8243; txt_transform=&#8220;uppercase&#8220; letter_spacing=&#8220;4&#8243; margin_bottom=&#8220;30&#8243; font_family=&#8220;Raleway&#8220; font_type=&#8220;google&#8220; align=&#8220;center&#8220;]KOMBINATIONEN[\/mk_fancy_title][vc_column_text]<span style=\"color: #ffffff;\">Probieren Sie es zu Fisch und Gem\u00fcse, m\u00f6glicherweise gegrillt : ein Kaleidoskop aus Emotionen wird ihren Gaumen in der Maremma &#8211; Sonne erfreuen!<\/span>[\/vc_column_text][mk_padding_divider size=&#8220;60&#8243;][\/vc_column][vc_column width=&#8220;1\/6&#8243;][\/vc_column][\/mk_page_section]\n<\/div>","protected":false},"excerpt":{"rendered":"<p>[vc_row fullwidth=&#8220;true&#8220;][vc_column][mk_image src=&#8220;https:\/\/www.tenutavaldelmelo.com\/wp-content\/uploads\/2016\/07\/azienda-agricola_1600x1000.jpg&#8220; image_size=&#8220;full&#8220; align=&#8220;center&#8220; margin_bottom=&#8220;-50&#8243;][\/vc_column][\/vc_row][mk_page_section bg_position=&#8220;left center&#8220; bg_repeat=&#8220;no-repeat&#8220; bg_stretch=&#8220;true&#8220; video_loop=&#8220;false&#8220; min_height=&#8220;600&#8243; padding_top=&#8220;120&#8243; padding_bottom=&#8220;30&#8243; sidebar=&#8220;sidebar-1&#8243;][vc_column][mk_image src=&#8220;http:\/\/demos.artbees.net\/jupiter5\/tiwaz\/wp-content\/uploads\/sites\/123\/2016\/07\/about-bg-01.png&#8220; image_size=&#8220;full&#8220; align=&#8220;center&#8220; margin_bottom=&#8220;30&#8243;][mk_fancy_title tag_name=&#8220;h1&#8243; color=&#8220;#465d50&#8243; size=&#8220;34&#8243; force_font_size=&#8220;true&#8220; size_phone=&#8220;20&#8243; font_weight=&#8220;900&#8243; txt_transform=&#8220;uppercase&#8220; letter_spacing=&#8220;4&#8243; margin_bottom=&#8220;30&#8243; font_family=&#8220;Raleway&#8220; font_type=&#8220;google&#8220; align=&#8220;center&#8220;]IM HERZEN DER MAREMMA WENIGE SCHRITTE VOM MEER ENTFERNT[\/mk_fancy_title][vc_row_inner][vc_column_inner width=&#8220;1\/6&#8243;][\/vc_column_inner][vc_column_inner width=&#8220;2\/3&#8243;][vc_column_text]Weniger als 2 km vom Strand Rocchette entfernt steigt eine sch\u00f6ne und malerische Stra\u00dfe tr\u00e4ge [&hellip;]<\/p>\n","protected":false},"author":1,"featured_media":0,"parent":0,"menu_order":1,"comment_status":"closed","ping_status":"closed","template":"","meta":{"footnotes":""},"yoast_head":"<!-- This site is optimized with the Yoast SEO plugin v21.6 - https:\/\/yoast.com\/wordpress\/plugins\/seo\/ -->\n<title>DER AGROTOURISMUS-BETRIEB - Agriturismo Tenuta Valdelmelo<\/title>\n<meta name=\"robots\" content=\"index, follow, max-snippet:-1, max-image-preview:large, max-video-preview:-1\" \/>\n<link rel=\"canonical\" href=\"https:\/\/www.tenutavaldelmelo.com\/de\/der-agrotourismus-betrieb\/\" \/>\n<meta property=\"og:locale\" content=\"de_DE\" \/>\n<meta property=\"og:type\" content=\"article\" \/>\n<meta property=\"og:title\" content=\"DER AGROTOURISMUS-BETRIEB - Agriturismo Tenuta Valdelmelo\" \/>\n<meta property=\"og:description\" content=\"[vc_row fullwidth=&#8220;true&#8220;][vc_column][mk_image src=&#8220;https:\/\/www.tenutavaldelmelo.com\/wp-content\/uploads\/2016\/07\/azienda-agricola_1600x1000.jpg&#8220; image_size=&#8220;full&#8220; align=&#8220;center&#8220; margin_bottom=&#8220;-50&#8243;][\/vc_column][\/vc_row][mk_page_section bg_position=&#8220;left center&#8220; bg_repeat=&#8220;no-repeat&#8220; bg_stretch=&#8220;true&#8220; video_loop=&#8220;false&#8220; min_height=&#8220;600&#8243; padding_top=&#8220;120&#8243; padding_bottom=&#8220;30&#8243; sidebar=&#8220;sidebar-1&#8243;][vc_column][mk_image src=&#8220;http:\/\/demos.artbees.net\/jupiter5\/tiwaz\/wp-content\/uploads\/sites\/123\/2016\/07\/about-bg-01.png&#8220; image_size=&#8220;full&#8220; align=&#8220;center&#8220; margin_bottom=&#8220;30&#8243;][mk_fancy_title tag_name=&#8220;h1&#8243; color=&#8220;#465d50&#8243; size=&#8220;34&#8243; force_font_size=&#8220;true&#8220; size_phone=&#8220;20&#8243; font_weight=&#8220;900&#8243; txt_transform=&#8220;uppercase&#8220; letter_spacing=&#8220;4&#8243; margin_bottom=&#8220;30&#8243; font_family=&#8220;Raleway&#8220; font_type=&#8220;google&#8220; align=&#8220;center&#8220;]IM HERZEN DER MAREMMA WENIGE SCHRITTE VOM MEER ENTFERNT[\/mk_fancy_title][vc_row_inner][vc_column_inner width=&#8220;1\/6&#8243;][\/vc_column_inner][vc_column_inner width=&#8220;2\/3&#8243;][vc_column_text]Weniger als 2 km vom Strand Rocchette entfernt steigt eine sch\u00f6ne und malerische Stra\u00dfe tr\u00e4ge [&hellip;]\" \/>\n<meta property=\"og:url\" content=\"https:\/\/www.tenutavaldelmelo.com\/de\/der-agrotourismus-betrieb\/\" \/>\n<meta property=\"og:site_name\" content=\"Agriturismo Tenuta Valdelmelo\" \/>\n<meta property=\"article:publisher\" content=\"https:\/\/www.facebook.com\/tenutavaldelmelo\/?fref=ts\" \/>\n<meta property=\"article:modified_time\" content=\"2023-07-22T07:29:49+00:00\" \/>\n<meta property=\"og:image\" content=\"http:\/\/demos.artbees.net\/jupiter5\/tiwaz\/wp-content\/uploads\/sites\/123\/2016\/07\/check.png\" \/>\n<meta name=\"twitter:card\" content=\"summary_large_image\" \/>\n<meta name=\"twitter:label1\" content=\"Gesch\u00e4tzte Lesezeit\" \/>\n\t<meta name=\"twitter:data1\" content=\"5 Minuten\" \/>\n<script type=\"application\/ld+json\" class=\"yoast-schema-graph\">{\"@context\":\"https:\/\/schema.org\",\"@graph\":[{\"@type\":\"WebPage\",\"@id\":\"https:\/\/www.tenutavaldelmelo.com\/de\/der-agrotourismus-betrieb\/\",\"url\":\"https:\/\/www.tenutavaldelmelo.com\/de\/der-agrotourismus-betrieb\/\",\"name\":\"DER AGROTOURISMUS-BETRIEB - Agriturismo Tenuta Valdelmelo\",\"isPartOf\":{\"@id\":\"https:\/\/www.tenutavaldelmelo.com\/#website\"},\"datePublished\":\"2018-03-18T07:58:42+00:00\",\"dateModified\":\"2023-07-22T07:29:49+00:00\",\"breadcrumb\":{\"@id\":\"https:\/\/www.tenutavaldelmelo.com\/de\/der-agrotourismus-betrieb\/#breadcrumb\"},\"inLanguage\":\"de-DE\",\"potentialAction\":[{\"@type\":\"ReadAction\",\"target\":[\"https:\/\/www.tenutavaldelmelo.com\/de\/der-agrotourismus-betrieb\/\"]}]},{\"@type\":\"BreadcrumbList\",\"@id\":\"https:\/\/www.tenutavaldelmelo.com\/de\/der-agrotourismus-betrieb\/#breadcrumb\",\"itemListElement\":[{\"@type\":\"ListItem\",\"position\":1,\"name\":\"Home\",\"item\":\"https:\/\/www.tenutavaldelmelo.com\/de\/\"},{\"@type\":\"ListItem\",\"position\":2,\"name\":\"DER AGROTOURISMUS-BETRIEB\"}]},{\"@type\":\"WebSite\",\"@id\":\"https:\/\/www.tenutavaldelmelo.com\/#website\",\"url\":\"https:\/\/www.tenutavaldelmelo.com\/\",\"name\":\"Agriturismo Tenuta Valdelmelo\",\"description\":\"\",\"publisher\":{\"@id\":\"https:\/\/www.tenutavaldelmelo.com\/#organization\"},\"potentialAction\":[{\"@type\":\"SearchAction\",\"target\":{\"@type\":\"EntryPoint\",\"urlTemplate\":\"https:\/\/www.tenutavaldelmelo.com\/?s={search_term_string}\"},\"query-input\":\"required name=search_term_string\"}],\"inLanguage\":\"de-DE\"},{\"@type\":\"Organization\",\"@id\":\"https:\/\/www.tenutavaldelmelo.com\/#organization\",\"name\":\"Agriturismo Tenuta Valdelmelo\",\"url\":\"https:\/\/www.tenutavaldelmelo.com\/\",\"logo\":{\"@type\":\"ImageObject\",\"inLanguage\":\"de-DE\",\"@id\":\"https:\/\/www.tenutavaldelmelo.com\/#\/schema\/logo\/image\/\",\"url\":\"https:\/\/www.tenutavaldelmelo.com\/wp-content\/uploads\/2017\/02\/logo_a_valdelmelo_600x179.jpg\",\"contentUrl\":\"https:\/\/www.tenutavaldelmelo.com\/wp-content\/uploads\/2017\/02\/logo_a_valdelmelo_600x179.jpg\",\"width\":600,\"height\":179,\"caption\":\"Agriturismo Tenuta Valdelmelo\"},\"image\":{\"@id\":\"https:\/\/www.tenutavaldelmelo.com\/#\/schema\/logo\/image\/\"},\"sameAs\":[\"https:\/\/www.facebook.com\/tenutavaldelmelo\/?fref=ts\"]}]}<\/script>\n<!-- \/ Yoast SEO plugin. -->","yoast_head_json":{"title":"DER AGROTOURISMUS-BETRIEB - Agriturismo Tenuta Valdelmelo","robots":{"index":"index","follow":"follow","max-snippet":"max-snippet:-1","max-image-preview":"max-image-preview:large","max-video-preview":"max-video-preview:-1"},"canonical":"https:\/\/www.tenutavaldelmelo.com\/de\/der-agrotourismus-betrieb\/","og_locale":"de_DE","og_type":"article","og_title":"DER AGROTOURISMUS-BETRIEB - Agriturismo Tenuta Valdelmelo","og_description":"[vc_row fullwidth=&#8220;true&#8220;][vc_column][mk_image src=&#8220;https:\/\/www.tenutavaldelmelo.com\/wp-content\/uploads\/2016\/07\/azienda-agricola_1600x1000.jpg&#8220; image_size=&#8220;full&#8220; align=&#8220;center&#8220; margin_bottom=&#8220;-50&#8243;][\/vc_column][\/vc_row][mk_page_section bg_position=&#8220;left center&#8220; bg_repeat=&#8220;no-repeat&#8220; bg_stretch=&#8220;true&#8220; video_loop=&#8220;false&#8220; min_height=&#8220;600&#8243; padding_top=&#8220;120&#8243; padding_bottom=&#8220;30&#8243; sidebar=&#8220;sidebar-1&#8243;][vc_column][mk_image src=&#8220;http:\/\/demos.artbees.net\/jupiter5\/tiwaz\/wp-content\/uploads\/sites\/123\/2016\/07\/about-bg-01.png&#8220; image_size=&#8220;full&#8220; align=&#8220;center&#8220; margin_bottom=&#8220;30&#8243;][mk_fancy_title tag_name=&#8220;h1&#8243; color=&#8220;#465d50&#8243; size=&#8220;34&#8243; force_font_size=&#8220;true&#8220; size_phone=&#8220;20&#8243; font_weight=&#8220;900&#8243; txt_transform=&#8220;uppercase&#8220; letter_spacing=&#8220;4&#8243; margin_bottom=&#8220;30&#8243; font_family=&#8220;Raleway&#8220; font_type=&#8220;google&#8220; align=&#8220;center&#8220;]IM HERZEN DER MAREMMA WENIGE SCHRITTE VOM MEER ENTFERNT[\/mk_fancy_title][vc_row_inner][vc_column_inner width=&#8220;1\/6&#8243;][\/vc_column_inner][vc_column_inner width=&#8220;2\/3&#8243;][vc_column_text]Weniger als 2 km vom Strand Rocchette entfernt steigt eine sch\u00f6ne und malerische Stra\u00dfe tr\u00e4ge [&hellip;]","og_url":"https:\/\/www.tenutavaldelmelo.com\/de\/der-agrotourismus-betrieb\/","og_site_name":"Agriturismo Tenuta Valdelmelo","article_publisher":"https:\/\/www.facebook.com\/tenutavaldelmelo\/?fref=ts","article_modified_time":"2023-07-22T07:29:49+00:00","og_image":[{"url":"http:\/\/demos.artbees.net\/jupiter5\/tiwaz\/wp-content\/uploads\/sites\/123\/2016\/07\/check.png"}],"twitter_card":"summary_large_image","twitter_misc":{"Gesch\u00e4tzte Lesezeit":"5 Minuten"},"schema":{"@context":"https:\/\/schema.org","@graph":[{"@type":"WebPage","@id":"https:\/\/www.tenutavaldelmelo.com\/de\/der-agrotourismus-betrieb\/","url":"https:\/\/www.tenutavaldelmelo.com\/de\/der-agrotourismus-betrieb\/","name":"DER AGROTOURISMUS-BETRIEB - Agriturismo Tenuta Valdelmelo","isPartOf":{"@id":"https:\/\/www.tenutavaldelmelo.com\/#website"},"datePublished":"2018-03-18T07:58:42+00:00","dateModified":"2023-07-22T07:29:49+00:00","breadcrumb":{"@id":"https:\/\/www.tenutavaldelmelo.com\/de\/der-agrotourismus-betrieb\/#breadcrumb"},"inLanguage":"de-DE","potentialAction":[{"@type":"ReadAction","target":["https:\/\/www.tenutavaldelmelo.com\/de\/der-agrotourismus-betrieb\/"]}]},{"@type":"BreadcrumbList","@id":"https:\/\/www.tenutavaldelmelo.com\/de\/der-agrotourismus-betrieb\/#breadcrumb","itemListElement":[{"@type":"ListItem","position":1,"name":"Home","item":"https:\/\/www.tenutavaldelmelo.com\/de\/"},{"@type":"ListItem","position":2,"name":"DER AGROTOURISMUS-BETRIEB"}]},{"@type":"WebSite","@id":"https:\/\/www.tenutavaldelmelo.com\/#website","url":"https:\/\/www.tenutavaldelmelo.com\/","name":"Agriturismo Tenuta Valdelmelo","description":"","publisher":{"@id":"https:\/\/www.tenutavaldelmelo.com\/#organization"},"potentialAction":[{"@type":"SearchAction","target":{"@type":"EntryPoint","urlTemplate":"https:\/\/www.tenutavaldelmelo.com\/?s={search_term_string}"},"query-input":"required name=search_term_string"}],"inLanguage":"de-DE"},{"@type":"Organization","@id":"https:\/\/www.tenutavaldelmelo.com\/#organization","name":"Agriturismo Tenuta Valdelmelo","url":"https:\/\/www.tenutavaldelmelo.com\/","logo":{"@type":"ImageObject","inLanguage":"de-DE","@id":"https:\/\/www.tenutavaldelmelo.com\/#\/schema\/logo\/image\/","url":"https:\/\/www.tenutavaldelmelo.com\/wp-content\/uploads\/2017\/02\/logo_a_valdelmelo_600x179.jpg","contentUrl":"https:\/\/www.tenutavaldelmelo.com\/wp-content\/uploads\/2017\/02\/logo_a_valdelmelo_600x179.jpg","width":600,"height":179,"caption":"Agriturismo Tenuta Valdelmelo"},"image":{"@id":"https:\/\/www.tenutavaldelmelo.com\/#\/schema\/logo\/image\/"},"sameAs":["https:\/\/www.facebook.com\/tenutavaldelmelo\/?fref=ts"]}]}},"_links":{"self":[{"href":"https:\/\/www.tenutavaldelmelo.com\/de\/wp-json\/wp\/v2\/pages\/1762"}],"collection":[{"href":"https:\/\/www.tenutavaldelmelo.com\/de\/wp-json\/wp\/v2\/pages"}],"about":[{"href":"https:\/\/www.tenutavaldelmelo.com\/de\/wp-json\/wp\/v2\/types\/page"}],"author":[{"embeddable":true,"href":"https:\/\/www.tenutavaldelmelo.com\/de\/wp-json\/wp\/v2\/users\/1"}],"replies":[{"embeddable":true,"href":"https:\/\/www.tenutavaldelmelo.com\/de\/wp-json\/wp\/v2\/comments?post=1762"}],"version-history":[{"count":9,"href":"https:\/\/www.tenutavaldelmelo.com\/de\/wp-json\/wp\/v2\/pages\/1762\/revisions"}],"predecessor-version":[{"id":2487,"href":"https:\/\/www.tenutavaldelmelo.com\/de\/wp-json\/wp\/v2\/pages\/1762\/revisions\/2487"}],"wp:attachment":[{"href":"https:\/\/www.tenutavaldelmelo.com\/de\/wp-json\/wp\/v2\/media?parent=1762"}],"curies":[{"name":"wp","href":"https:\/\/api.w.org\/{rel}","templated":true}]}}